{"id":339,"date":"2025-01-13T14:37:45","date_gmt":"2025-01-13T14:37:45","guid":{"rendered":"https:\/\/www.mars-society-switzerland.com\/fr\/\/?page_id=339"},"modified":"2025-01-30T10:09:32","modified_gmt":"2025-01-30T10:09:32","slug":"politique-de-confidentialite","status":"publish","type":"page","link":"https:\/\/www.mars-society-switzerland.com\/fr\/politique-de-confidentialite\/","title":{"rendered":"Politique de confidentialit\u00e9"},"content":{"rendered":"\t\t<div data-elementor-type=\"wp-page\" data-elementor-id=\"339\" class=\"elementor elementor-339\" data-elementor-post-type=\"page\">\n\t\t\t\t<div class=\"elementor-element elementor-element-8be1227 e-flex e-con-boxed e-con e-parent\" data-id=\"8be1227\" data-element_type=\"container\" data-e-type=\"container\">\n\t\t\t\t\t<div class=\"e-con-inner\">\n\t\t\t\t<div class=\"elementor-element elementor-element-812d8ab elementor-widget elementor-widget-heading\" data-id=\"812d8ab\" data-element_type=\"widget\" data-e-type=\"widget\" data-widget_type=\"heading.default\">\n\t\t\t\t\t<h2 class=\"elementor-heading-title elementor-size-default\">Politique de confidentialit\u00e9 <\/h2>\t\t\t\t<\/div>\n\t\t\t\t<div class=\"elementor-element elementor-element-3d44f4d elementor-widget elementor-widget-text-editor\" data-id=\"3d44f4d\" data-element_type=\"widget\" data-e-type=\"widget\" data-widget_type=\"text-editor.default\">\n\t\t\t\t\t\t\t\t\t<p>Nous accordons une grande importance \u00e0 la protection de votre vie priv\u00e9e et de vos donn\u00e9es. Nous nous engageons \u00e0 offrir les standards les plus \u00e9lev\u00e9s en mati\u00e8re de produits et de services. Ainsi, nous appr\u00e9cions chacun de nos clients existants ou potentiels et visons \u00e0 maintenir une protection appropri\u00e9e de vos donn\u00e9es personnelles (\u00ab\u00a0<strong>Donn\u00e9es<\/strong>\u00a0\u00bb).<\/p><p>Le traitement de ces Donn\u00e9es est effectu\u00e9 conform\u00e9ment aux dispositions du R\u00e8glement (UE) du Parlement europ\u00e9en et du Conseil du 27 avril 2016 (ci-apr\u00e8s d\u00e9nomm\u00e9 \u00ab\u00a0RGPD\u00a0\u00bb) et \u00e0 la loi fran\u00e7aise n\u00b0 78-17 du 6 janvier 1978 (\u00ab\u00a0loi informatique et libert\u00e9s\u00a0\u00bb).<\/p><ol class=\"wp-block-list\"><li><strong>QUI EST LE RESPONSABLE DE TRAITEMENT DE DONNEES\u00a0?<\/strong><\/li><\/ol><p><strong>PIERRE BRISSON<\/strong> \u00e9diteur du site <a href=\"_wp_link_placeholder\" data-wplink-edit=\"true\"><strong>https:\/\/www.mars-society-switzerland.com\/fr\/\/fr<\/strong><\/a>\u00a0(ci-apr\u00e8s le \u00ab<strong>\u00a0Site\u00a0<\/strong>\u00bb) est le Responsable de traitement des Donn\u00e9es (ci-apr\u00e8s le \u00ab\u00a0<strong>Responsable de traitement<\/strong>\u00a0\u00bb).<\/p><p>En utilisant le Site, vous consentez et acceptez l\u2019utilisation de vos Donn\u00e9es par le Responsable de traitement, conform\u00e9ment \u00e0 la pr\u00e9sente Politique de confidentialit\u00e9.\u00a0<\/p><ol class=\"wp-block-list\" start=\"2\"><li><strong>QUELLES SONT LES DONNEES COLLECTEES ?<\/strong><\/li><\/ol><p>Lors de vos \u00e9changes avec le service client et plus g\u00e9n\u00e9ralement lors de votre navigation sur notre Site, le Responsable de traitement est amen\u00e9 \u00e0 traiter vos informations, dont certaines sont de nature \u00e0 vous identifier.\u00a0<\/p><p>Il peut s\u2019agir des Donn\u00e9es suivantes\u00a0:\u00a0<\/p><ul class=\"wp-block-list\"><li>Celles que vous nous avez communiqu\u00e9 directement : vos nom\u00a0et pr\u00e9nom\u00a0; civilit\u00e9\u00a0; sexe\u00a0; adresse postale\u00a0; adresse \u00e9lectronique\u00a0; num\u00e9ro de t\u00e9l\u00e9phone\u00a0; date de naissance\u00a0; identifiant et mot de passe crypt\u00e9 permettant l\u2019identification sur le Site\u00a0et vos pr\u00e9f\u00e9rences de contact concernant l\u2019abonnement \u00e0 notre newsletter.<\/li><\/ul><ul class=\"wp-block-list\"><li>Celles collect\u00e9es automatiquement\u00a0(<em>cookies<\/em>) : adresse IP et identifiants de l\u2019\u00e9quipement informatique\u00a0; syst\u00e8me d\u2019exploitation utilis\u00e9 par le terminal\u00a0; type et version du logiciel de navigation utilis\u00e9\u00a0; date et heure de connexion au site.<\/li><\/ul><ul class=\"wp-block-list\"><li>Celles collect\u00e9es lors de votre navigation sur le Site\u00a0: l\u2019historique de votre navigation (par exemple la date, l\u2019heure de la connexion et\/ou navigation, les pages visit\u00e9es), le type de terminal et de navigateur, votre localisation, la langue du navigateur, le fournisseur d\u2019acc\u00e8s, l\u2019adresse IP.<\/li><\/ul><ol class=\"wp-block-list\" start=\"3\"><li><strong>QUELLES SONT LES FINALITES DU TRAITEMENT\u00a0?<\/strong><\/li><\/ol><p>Vos Donn\u00e9es sont utilis\u00e9es pour plusieurs raisons, elles sont notamment trait\u00e9es afin de fournir et d\u2019am\u00e9liorer les services que nous vous proposons.\u00a0<\/p><p>Chaque traitement de vos Donn\u00e9es est l\u00e9galement fond\u00e9 soit sur votre consentement, soit sur un contrat conclu avec vous, soit une obligation l\u00e9gale et\/ou notre int\u00e9r\u00eat l\u00e9gitime pr\u00e9pond\u00e9rant en fonction de la finalit\u00e9 du traitement.<\/p><figure class=\"wp-block-table\"><table><tbody><tr><td>Les finalit\u00e9s du traitement<\/td><td>Le fondement juridique<\/td><\/tr><tr><td>Assurer la livraison des produits command\u00e9s G\u00e9rer la relation client\u00e8le et vos \u00e9ventuelles r\u00e9clamations G\u00e9rer les demandes li\u00e9es \u00e0 l\u2019exercice de vos droits en mati\u00e8re de Donn\u00e9es personnelles<\/td><td><br \/><br \/>Un contrat, votre acte d\u2019achat\u00a0<\/td><\/tr><tr><td>Recevoir nos newsletters et offres personnalis\u00e9es via tout service de communication \u00e9lectronique Profiter d\u2019une exp\u00e9rience de navigation personnalis\u00e9e \u00e0 partir de votre historique d\u2019achat et de votre navigation sur le Site Profiter de nos offres publicitaires personnalis\u00e9es sur des supports tiers<\/td><td><br \/><br \/><br \/>Votre consentement<\/td><\/tr><tr><td>Acc\u00e9der au Site et son utilisation Analyser et am\u00e9liorer la qualit\u00e9 et la performance des services Suivre de l\u2019utilisation du Site et am\u00e9liorer de votre exp\u00e9rience Pr\u00e9server nos droits G\u00e9rer les transactions et lutter contre la fraude \u00c9laborer des statistiques et segmentations, des \u00e9tudes et des analyses afin d\u2019am\u00e9liorer la connaissance de nos clients<\/td><td><br \/><br \/><br \/><br \/><br \/>Notre int\u00e9r\u00eat l\u00e9gitime\u00a0<\/td><\/tr><\/tbody><\/table><\/figure><ol class=\"wp-block-list\" start=\"4\"><li><strong>Qui sont les destinataires de vos Donn\u00e9es\u00a0?\u00a0<\/strong><\/li><\/ol><p>Les Donn\u00e9es sont principalement destin\u00e9es au Responsable de traitement, ses salari\u00e9s pour l\u2019ex\u00e9cution des finalit\u00e9s mentionn\u00e9es \u00e0 l\u2019article 3, ainsi qu\u2019aux sous-traitants qui sont les suivants\u00a0:<\/p><ul class=\"wp-block-list\"><li>Le prestataire d\u2019h\u00e9bergement\u00a0: <a href=\"https:\/\/www.o2switch.fr\/\"><strong>02 Switch<\/strong>\u00a0<\/a><\/li><\/ul><p>Le d\u00e9tail du traitement de ces Donn\u00e9es par les prestataires est disponible aux liens suivants\u00a0:\u00a0<\/p><ul class=\"wp-block-list\"><li>Le prestataire d\u2019h\u00e9bergement\u00a0: <a href=\"https:\/\/www.o2switch.fr\/\"><strong>02 Switch<\/strong>\u00a0<\/a><\/li><\/ul><p>Le Responsable de traitement s\u2019engage \u00e0 ne pas communiquer, c\u00e9der ou transf\u00e9rer, \u00e0 d\u2019autres tiers les Donn\u00e9es sans votre accord expr\u00e8s. Cependant, elles pourront \u00eatre communiqu\u00e9es pour se conformer \u00e0 des obligations l\u00e9gales, r\u00e9glementaires, judiciaires ou administratives.<\/p><ol class=\"wp-block-list\" start=\"5\"><li><strong>Pendant combien de temps conservons-nous vos Donn\u00e9es\u00a0?<\/strong><\/li><\/ol><p>Les Donn\u00e9es sont conserv\u00e9es le temps n\u00e9cessaire pour r\u00e9pondre aux finalit\u00e9s pr\u00e9cit\u00e9es, sans que la dur\u00e9e de conservation ne puisse exc\u00e9der deux (2) ans \u00e0 compter de la derni\u00e8re interaction avec le Site. Le Responsable de traitement prend des mesures raisonnables pour assurer leur confidentialit\u00e9.\u00a0<\/p><p>Une fois vos Donn\u00e9es supprim\u00e9es de notre base, certaines de vos Donn\u00e9es pourront \u00eatre conserv\u00e9es sous forme d\u2019archive avec un acc\u00e8s restreint et strictement limit\u00e9 aux fins de satisfaire \u00e0 nos obligations l\u00e9gales, comptables et fiscales, mais aussi pour g\u00e9rer vos \u00e9ventuelles r\u00e9clamations et demandes de garanties dans la limite des d\u00e9lais de prescription applicable.<\/p><p>Une fois que vos Donn\u00e9es ne sont plus n\u00e9cessaires au titre des finalit\u00e9s ou \u00e0 des fins d\u2019archivage pour satisfaire \u00e0 nos obligations l\u00e9gales ou pour les besoins de la prescription applicable, vos Donn\u00e9es seront anonymis\u00e9es de mani\u00e8re irr\u00e9versible.<\/p><p>\u00c0 tout moment, vous avez la possibilit\u00e9 de nous demander la suppression de tout ou partie de vos Donn\u00e9es, de vous opposer \u00e0 leur traitement ou d\u2019en demander la limitation, conform\u00e9ment \u00e0 l\u2019article 4 ci-dessus. En cas de demande de suppression de vos Donn\u00e9es, celles-ci seront supprim\u00e9es de notre base et conserv\u00e9es sous forme d\u2019archive comme indiqu\u00e9 ci-dessus.<\/p><ol class=\"wp-block-list\" start=\"6\"><li><strong>Quels sont les droits dont vous b\u00e9n\u00e9ficiez s\u2019agissant de vos Donn\u00e9es\u00a0?<\/strong><\/li><\/ol><p>Conform\u00e9ment \u00e0 la loi informatique et libert\u00e9 et au RGPD, vous b\u00e9n\u00e9ficiez et pouvez exercer les droits suivants aupr\u00e8s de nous :<\/p><ul class=\"wp-block-list\"><li><strong>Droit d\u2019acc\u00e8s<\/strong> : vous avez le droit de conna\u00eetre les Donn\u00e9es que nous d\u00e9tenons sur vous ;<\/li><\/ul><ul class=\"wp-block-list\"><li><strong>Droit de rectification<\/strong> : vous pouvez demander la rectification des informations inexactes ou incompl\u00e8tes vous concernant. Il permet d\u2019\u00e9viter que nous utilisions ou ne diffusons des informations erron\u00e9es sur vous ;<\/li><\/ul><ul class=\"wp-block-list\"><li><strong>Droit \u00e0 l\u2019effacement<\/strong> : vous avez le droit de nous demander de supprimer vos Donn\u00e9es (sous r\u00e9serve des modalit\u00e9s expos\u00e9es \u00e0 l\u2019article 8 ci-dessous) ;<\/li><\/ul><ul class=\"wp-block-list\"><li><strong>Droit d\u2019opposition<\/strong> : vous pouvez vous opposer \u00e0 tout moment \u00e0 ce que nous utilisons certaines de vos Donn\u00e9es.<\/li><\/ul><ul class=\"wp-block-list\"><li><strong>Droit \u00e0 la portabilit\u00e9<\/strong> : vous avez la possibilit\u00e9 de r\u00e9cup\u00e9rer une partie de vos Donn\u00e9es dans un format lisible par une machine. Vous pouvez librement stocker ailleurs ces Donn\u00e9es portables ou les transmettre facilement d\u2019un syst\u00e8me \u00e0 un autre, en vue d\u2019une r\u00e9utilisation \u00e0 d\u2019autres fins.<\/li><\/ul><ul class=\"wp-block-list\"><li><strong>Droit \u00e0 l\u2019information<\/strong>\u00a0: vous avez le droit d\u2019\u00eatre inform\u00e9 sur l\u2019utilisation de vos Donn\u00e9es.<\/li><\/ul><p>Vous pouvez exercer vos droits en s\u2019adressant au Responsable de traitement\u00a0:<\/p><ul class=\"wp-block-list\"><li>Par email\u00a0\u00e0 l\u2019adresse \u00e9lectronique\u00a0:<\/li><li class=\"elementor-icon-list-item\"><span class=\"elementor-icon-list-text\">mars.society.switz@gmail.com<\/span><\/li><li>;<\/li><\/ul><p>Le Responsable de traitement fait h\u00e9berger le site aupr\u00e8s d\u2019un prestataire sp\u00e9cialis\u00e9 (<a href=\"https:\/\/www.o2switch.fr\/\"><strong>02 Switch<\/strong><\/a>) dont les informations sont contenues dans les Mentions L\u00e9gales.<\/p><ol class=\"wp-block-list\" start=\"7\"><li><strong>Comment les Donn\u00e9es sont-elles s\u00e9curis\u00e9es\u00a0?<\/strong><\/li><\/ol><p>Le Responsable de traitement s\u2019engage \u00e0 prendre toutes les mesures techniques et organisationnelles pour assurer la protection et la s\u00e9curit\u00e9 des Donn\u00e9es, en particulier contre toute perte, alt\u00e9ration, diffusion ou usage ill\u00e9gal.\u00a0<\/p><p>Il s\u2019assure \u00e9galement que les tiers auxquels il est susceptible de faire appel (prestataires techniques, fournisseurs) respectent cette exigence de protection des Donn\u00e9es par la mise en place des mesures appropri\u00e9es, conform\u00e9ment \u00e0 la l\u00e9gislation applicable. Les mesures techniques et organisationnelles mises en place peuvent inclure le recours \u00e0 des formulaires d\u2019inscription s\u00e9curis\u00e9s, le cryptage de certaines Donn\u00e9es (comme les Donn\u00e9es bancaires), et l\u2019acc\u00e8s restreint aux Donn\u00e9es \u00e0 caract\u00e8re personnel.\u00a0<\/p><p>Enfin, nous vous invitons \u00e0 la plus grande prudence dans la communication de vos Donn\u00e9es, identifiants et mots de passe personnels permettant l\u2019acc\u00e8s au Site.<\/p><p>Certains messages ou sollicitations re\u00e7ues peuvent provenir de personnes mal intentionn\u00e9es cherchant \u00e0 obtenir des informations personnelles vous concernant en vue d\u2019une utilisation frauduleuse (pratique du phishing). Si vous recevez un message qui para\u00eet \u00eatre une tentative de phishing, vous \u00eates invit\u00e9 \u00e0 ne pas y r\u00e9pondre et \u00e0 ne pas ouvrir les pi\u00e8ces jointes, les images ou les liens contenus dans le message. Vous pouvez le signaler par e-mail \u00e0\u00a0<span class=\"elementor-icon-list-text\">mars.society.switz@gmail.com\u00a0<\/span>et sur\u00a0<a href=\"https:\/\/www.signal-spam.fr\/\">www.signal-spam.fr<\/a>.<\/p><ol class=\"wp-block-list\" start=\"8\"><li><strong>Transfert des Donn\u00e9es Personnelles\u00a0<\/strong><\/li><\/ol><p>Le Site est h\u00e9berg\u00e9 par <a href=\"https:\/\/www.o2switch.fr\/\"><strong>02 Switch<\/strong><\/a> sur des serveurs physiques en <strong>France<\/strong>.\u00a0 Les Donn\u00e9es sont trait\u00e9es via des logiciels et applicatifs divers par le Responsable de traitement. Ces logiciels et applicatifs sont h\u00e9berg\u00e9s sur des serveurs s\u00e9curis\u00e9s en Europe dans des conditions conformes \u00e0 la r\u00e8glementation applicable.<\/p><p>Dans le cas o\u00f9 des Donn\u00e9es feraient l\u2019objet d\u2019un transfert dans un pays situ\u00e9 hors de l\u2019Union Europ\u00e9enne, nous nous engageons \u00e0 prendre les mesures techniques et organisationnelles n\u00e9cessaires pour garantir le niveau de s\u00e9curit\u00e9 ad\u00e9quat de vos Donn\u00e9es comme si elles \u00e9taient rest\u00e9es au sein de l\u2019Union Europ\u00e9enne.<\/p><p>Nous exigeons en effet de ces destinataires des Donn\u00e9es qu\u2019ils mettent en \u0153uvre les mesures requises pour assurer le m\u00eame niveau de protection que celui exig\u00e9 par la r\u00e8glementation europ\u00e9enne en mati\u00e8re de donn\u00e9es personnelles, par exemple en recourant aux clauses contractuelles types de la Commission Europ\u00e9enne, les r\u00e8gles d\u2019entreprise contraignantes (binding corporate rules ou BCR).<\/p><ol class=\"wp-block-list\" start=\"9\"><li><strong>MODIFICATION DE LA POLITIQUE DE CONFIDENTIALIT\u00c9<\/strong><\/li><\/ol><p>Si la pr\u00e9sente Politique de confidentialit\u00e9 est modifi\u00e9e, la date de mise \u00e0 jour de la Politique sera actualis\u00e9e et indiquera le jour o\u00f9 les modifications ont \u00e9t\u00e9 effectu\u00e9es.\u00a0<\/p><p>Si les modifications sont importantes, vous serez avertis au moyen d\u2019un e-mail. La nouvelle version s\u2019appliquera \u00e0 compter de votre nouvelle connexion au Site. \u00a0<\/p><p>En cas de litige, entre vous et le Responsable de traitement, la Politique \u00e0 prendre en compte sera celle en vigueur au moment des faits \u00e0 l\u2019origine du litige.\u00a0<\/p><ol class=\"wp-block-list\" start=\"10\"><li><strong>CONTACT<\/strong><\/li><\/ol><p>De mani\u00e8re g\u00e9n\u00e9rale, si vous avez des questions ou des commentaires concernant cette Politique ou quant \u00e0 l\u2019utilisation de vos Donn\u00e9es par le Responsable de traitement, vous pouvez nous contacter \u00e0 l\u2019adresse suivante\u00a0:\u00a0<span class=\"elementor-icon-list-text\">mars.society.switz@gmail.com<\/span><\/p><p>Enfin, nous vous pr\u00e9cisons qu\u2019en cas de r\u00e9clamation relative \u00e0 la protection de vos Donn\u00e9es Personnelles, vous pouvez \u00e9galement contacter l\u2019autorit\u00e9 de contr\u00f4le fran\u00e7aise, la Commission Nationale de l\u2019Informatique et des Libert\u00e9s dont le site est accessible \u00e0 l\u2019adresse suivante : <a href=\"https:\/\/www.cnil.fr\/\">https:\/\/www.cnil.fr\/<\/a> .<\/p>\t\t\t\t\t\t\t\t<\/div>\n\t\t\t\t\t<\/div>\n\t\t\t\t<\/div>\n\t\t\t\t<\/div>\n\t\t","protected":false},"excerpt":{"rendered":"<p>Politique de confidentialit\u00e9 Nous accordons une grande importance \u00e0 la protection de votre vie priv\u00e9e et de vos donn\u00e9es. Nous nous engageons \u00e0 offrir les standards les plus \u00e9lev\u00e9s en [&hellip;]<\/p>\n","protected":false},"author":1,"featured_media":0,"parent":0,"menu_order":0,"comment_status":"closed","ping_status":"closed","template":"","meta":{"footnotes":""},"class_list":["post-339","page","type-page","status-publish","hentry"],"yoast_head":"<!-- This site is optimized with the Yoast SEO plugin v24.5 - https:\/\/yoast.com\/wordpress\/plugins\/seo\/ -->\n<title>Politique de confidentialit\u00e9 &#183; Mars Society Switzerland<\/title>\n<meta name=\"description\" content=\"D\u00e9couvrez comment nous prot\u00e9geons vos donn\u00e9es personnelles et respectons votre vie priv\u00e9e en conformit\u00e9 avec la r\u00e9glementation en vigueur.\" \/>\n<meta name=\"robots\" content=\"index, follow, max-snippet:-1, max-image-preview:large, max-video-preview:-1\" \/>\n<link rel=\"canonical\" href=\"https:\/\/www.mars-society-switzerland.com\/fr\/politique-de-confidentialite\/\" \/>\n<meta property=\"og:locale\" content=\"fr_FR\" \/>\n<meta property=\"og:type\" content=\"article\" \/>\n<meta property=\"og:title\" content=\"Politique de confidentialit\u00e9 &#183; Mars Society Switzerland\" \/>\n<meta property=\"og:description\" content=\"D\u00e9couvrez comment nous prot\u00e9geons vos donn\u00e9es personnelles et respectons votre vie priv\u00e9e en conformit\u00e9 avec la r\u00e9glementation en vigueur.\" \/>\n<meta property=\"og:url\" content=\"https:\/\/www.mars-society-switzerland.com\/fr\/politique-de-confidentialite\/\" \/>\n<meta property=\"og:site_name\" content=\"Mars Society Switzerland\" \/>\n<meta property=\"article:modified_time\" content=\"2025-01-30T10:09:32+00:00\" \/>\n<meta name=\"twitter:card\" content=\"summary_large_image\" \/>\n<meta name=\"twitter:label1\" content=\"Dur\u00e9e de lecture estim\u00e9e\" \/>\n\t<meta name=\"twitter:data1\" content=\"9 minutes\" \/>\n<script type=\"application\/ld+json\" class=\"yoast-schema-graph\">{\"@context\":\"https:\/\/schema.org\",\"@graph\":[{\"@type\":\"WebPage\",\"@id\":\"https:\/\/www.mars-society-switzerland.com\/fr\/politique-de-confidentialite\/\",\"url\":\"https:\/\/www.mars-society-switzerland.com\/fr\/politique-de-confidentialite\/\",\"name\":\"Politique de confidentialit\u00e9 &#183; Mars Society Switzerland\",\"isPartOf\":{\"@id\":\"https:\/\/www.mars-society-switzerland.com\/fr\/#website\"},\"datePublished\":\"2025-01-13T14:37:45+00:00\",\"dateModified\":\"2025-01-30T10:09:32+00:00\",\"description\":\"D\u00e9couvrez comment nous prot\u00e9geons vos donn\u00e9es personnelles et respectons votre vie priv\u00e9e en conformit\u00e9 avec la r\u00e9glementation en vigueur.\",\"breadcrumb\":{\"@id\":\"https:\/\/www.mars-society-switzerland.com\/fr\/politique-de-confidentialite\/#breadcrumb\"},\"inLanguage\":\"fr-FR\",\"potentialAction\":[{\"@type\":\"ReadAction\",\"target\":[\"https:\/\/www.mars-society-switzerland.com\/fr\/politique-de-confidentialite\/\"]}]},{\"@type\":\"BreadcrumbList\",\"@id\":\"https:\/\/www.mars-society-switzerland.com\/fr\/politique-de-confidentialite\/#breadcrumb\",\"itemListElement\":[{\"@type\":\"ListItem\",\"position\":1,\"name\":\"Accueil\",\"item\":\"https:\/\/www.mars-society-switzerland.com\/fr\/\"},{\"@type\":\"ListItem\",\"position\":2,\"name\":\"Politique de confidentialit\u00e9\"}]},{\"@type\":\"WebSite\",\"@id\":\"https:\/\/www.mars-society-switzerland.com\/fr\/#website\",\"url\":\"https:\/\/www.mars-society-switzerland.com\/fr\/\",\"name\":\"Mars Society Switzerland\",\"description\":\"Aller sur Mars pour mieux comprendre a Terre\",\"publisher\":{\"@id\":\"https:\/\/www.mars-society-switzerland.com\/fr\/#organization\"},\"potentialAction\":[{\"@type\":\"SearchAction\",\"target\":{\"@type\":\"EntryPoint\",\"urlTemplate\":\"https:\/\/www.mars-society-switzerland.com\/fr\/?s={search_term_string}\"},\"query-input\":{\"@type\":\"PropertyValueSpecification\",\"valueRequired\":true,\"valueName\":\"search_term_string\"}}],\"inLanguage\":\"fr-FR\"},{\"@type\":\"Organization\",\"@id\":\"https:\/\/www.mars-society-switzerland.com\/fr\/#organization\",\"name\":\"Mars Society Switzerland\",\"url\":\"https:\/\/www.mars-society-switzerland.com\/fr\/\",\"logo\":{\"@type\":\"ImageObject\",\"inLanguage\":\"fr-FR\",\"@id\":\"https:\/\/www.mars-society-switzerland.com\/fr\/#\/schema\/logo\/image\/\",\"url\":\"https:\/\/www.mars-society-switzerland.com\/wp-content\/uploads\/2025\/01\/LOGO.svg\",\"contentUrl\":\"https:\/\/www.mars-society-switzerland.com\/wp-content\/uploads\/2025\/01\/LOGO.svg\",\"caption\":\"Mars Society Switzerland\"},\"image\":{\"@id\":\"https:\/\/www.mars-society-switzerland.com\/fr\/#\/schema\/logo\/image\/\"}}]}<\/script>\n<!-- \/ Yoast SEO plugin. -->","yoast_head_json":{"title":"Politique de confidentialit\u00e9 &#183; Mars Society Switzerland","description":"D\u00e9couvrez comment nous prot\u00e9geons vos donn\u00e9es personnelles et respectons votre vie priv\u00e9e en conformit\u00e9 avec la r\u00e9glementation en vigueur.","robots":{"index":"index","follow":"follow","max-snippet":"max-snippet:-1","max-image-preview":"max-image-preview:large","max-video-preview":"max-video-preview:-1"},"canonical":"https:\/\/www.mars-society-switzerland.com\/fr\/politique-de-confidentialite\/","og_locale":"fr_FR","og_type":"article","og_title":"Politique de confidentialit\u00e9 &#183; Mars Society Switzerland","og_description":"D\u00e9couvrez comment nous prot\u00e9geons vos donn\u00e9es personnelles et respectons votre vie priv\u00e9e en conformit\u00e9 avec la r\u00e9glementation en vigueur.","og_url":"https:\/\/www.mars-society-switzerland.com\/fr\/politique-de-confidentialite\/","og_site_name":"Mars Society Switzerland","article_modified_time":"2025-01-30T10:09:32+00:00","twitter_card":"summary_large_image","twitter_misc":{"Dur\u00e9e de lecture estim\u00e9e":"9 minutes"},"schema":{"@context":"https:\/\/schema.org","@graph":[{"@type":"WebPage","@id":"https:\/\/www.mars-society-switzerland.com\/fr\/politique-de-confidentialite\/","url":"https:\/\/www.mars-society-switzerland.com\/fr\/politique-de-confidentialite\/","name":"Politique de confidentialit\u00e9 &#183; Mars Society Switzerland","isPartOf":{"@id":"https:\/\/www.mars-society-switzerland.com\/fr\/#website"},"datePublished":"2025-01-13T14:37:45+00:00","dateModified":"2025-01-30T10:09:32+00:00","description":"D\u00e9couvrez comment nous prot\u00e9geons vos donn\u00e9es personnelles et respectons votre vie priv\u00e9e en conformit\u00e9 avec la r\u00e9glementation en vigueur.","breadcrumb":{"@id":"https:\/\/www.mars-society-switzerland.com\/fr\/politique-de-confidentialite\/#breadcrumb"},"inLanguage":"fr-FR","potentialAction":[{"@type":"ReadAction","target":["https:\/\/www.mars-society-switzerland.com\/fr\/politique-de-confidentialite\/"]}]},{"@type":"BreadcrumbList","@id":"https:\/\/www.mars-society-switzerland.com\/fr\/politique-de-confidentialite\/#breadcrumb","itemListElement":[{"@type":"ListItem","position":1,"name":"Accueil","item":"https:\/\/www.mars-society-switzerland.com\/fr\/"},{"@type":"ListItem","position":2,"name":"Politique de confidentialit\u00e9"}]},{"@type":"WebSite","@id":"https:\/\/www.mars-society-switzerland.com\/fr\/#website","url":"https:\/\/www.mars-society-switzerland.com\/fr\/","name":"Mars Society Switzerland","description":"Aller sur Mars pour mieux comprendre a Terre","publisher":{"@id":"https:\/\/www.mars-society-switzerland.com\/fr\/#organization"},"potentialAction":[{"@type":"SearchAction","target":{"@type":"EntryPoint","urlTemplate":"https:\/\/www.mars-society-switzerland.com\/fr\/?s={search_term_string}"},"query-input":{"@type":"PropertyValueSpecification","valueRequired":true,"valueName":"search_term_string"}}],"inLanguage":"fr-FR"},{"@type":"Organization","@id":"https:\/\/www.mars-society-switzerland.com\/fr\/#organization","name":"Mars Society Switzerland","url":"https:\/\/www.mars-society-switzerland.com\/fr\/","logo":{"@type":"ImageObject","inLanguage":"fr-FR","@id":"https:\/\/www.mars-society-switzerland.com\/fr\/#\/schema\/logo\/image\/","url":"https:\/\/www.mars-society-switzerland.com\/wp-content\/uploads\/2025\/01\/LOGO.svg","contentUrl":"https:\/\/www.mars-society-switzerland.com\/wp-content\/uploads\/2025\/01\/LOGO.svg","caption":"Mars Society Switzerland"},"image":{"@id":"https:\/\/www.mars-society-switzerland.com\/fr\/#\/schema\/logo\/image\/"}}]}},"_links":{"self":[{"href":"https:\/\/www.mars-society-switzerland.com\/fr\/wp-json\/wp\/v2\/pages\/339","targetHints":{"allow":["GET"]}}],"collection":[{"href":"https:\/\/www.mars-society-switzerland.com\/fr\/wp-json\/wp\/v2\/pages"}],"about":[{"href":"https:\/\/www.mars-society-switzerland.com\/fr\/wp-json\/wp\/v2\/types\/page"}],"author":[{"embeddable":true,"href":"https:\/\/www.mars-society-switzerland.com\/fr\/wp-json\/wp\/v2\/users\/1"}],"replies":[{"embeddable":true,"href":"https:\/\/www.mars-society-switzerland.com\/fr\/wp-json\/wp\/v2\/comments?post=339"}],"version-history":[{"count":4,"href":"https:\/\/www.mars-society-switzerland.com\/fr\/wp-json\/wp\/v2\/pages\/339\/revisions"}],"predecessor-version":[{"id":348,"href":"https:\/\/www.mars-society-switzerland.com\/fr\/wp-json\/wp\/v2\/pages\/339\/revisions\/348"}],"wp:attachment":[{"href":"https:\/\/www.mars-society-switzerland.com\/fr\/wp-json\/wp\/v2\/media?parent=339"}],"curies":[{"name":"wp","href":"https:\/\/api.w.org\/{rel}","templated":true}]}}