{"id":170,"date":"2025-01-10T15:26:11","date_gmt":"2025-01-10T15:26:11","guid":{"rendered":"https:\/\/www.mars-society-switzerland.com\/fr\/\/?page_id=170"},"modified":"2025-01-29T14:46:51","modified_gmt":"2025-01-29T14:46:51","slug":"leau","status":"publish","type":"page","link":"https:\/\/www.mars-society-switzerland.com\/fr\/informations\/leau\/","title":{"rendered":"L&rsquo;eau"},"content":{"rendered":"\t\t<div data-elementor-type=\"wp-page\" data-elementor-id=\"170\" class=\"elementor elementor-170\" data-elementor-post-type=\"page\">\n\t\t\t\t<div class=\"elementor-element elementor-element-4ef5588 e-flex e-con-boxed e-con e-parent\" data-id=\"4ef5588\" data-element_type=\"container\" data-e-type=\"container\">\n\t\t\t\t\t<div class=\"e-con-inner\">\n\t\t\t\t<div class=\"elementor-element elementor-element-4f766a9 elementor-widget elementor-widget-breadcrumbs\" data-id=\"4f766a9\" data-element_type=\"widget\" data-e-type=\"widget\" data-widget_type=\"breadcrumbs.default\">\n\t\t\t\t\t<p id=\"breadcrumbs\"><span><span><a href=\"https:\/\/www.mars-society-switzerland.com\/fr\/\">Accueil<\/a><\/span><\/span><\/p>\t\t\t\t<\/div>\n\t\t\t\t<div class=\"elementor-element elementor-element-503c9fd elementor-widget elementor-widget-heading\" data-id=\"503c9fd\" data-element_type=\"widget\" data-e-type=\"widget\" data-widget_type=\"heading.default\">\n\t\t\t\t\t<h1 class=\"elementor-heading-title elementor-size-default\">L\u2019eau a peut-\u00eatre permis l\u2019\u00e9closion de la vie sur Mars\u00a0<\/h1>\t\t\t\t<\/div>\n\t\t\t\t\t<\/div>\n\t\t\t\t<\/div>\n\t\t<div class=\"elementor-element elementor-element-872f887 e-flex e-con-boxed e-con e-parent\" data-id=\"872f887\" data-element_type=\"container\" data-e-type=\"container\">\n\t\t\t\t\t<div class=\"e-con-inner\">\n\t\t\t\t<div class=\"elementor-element elementor-element-21d0582 elementor-widget elementor-widget-text-editor\" data-id=\"21d0582\" data-element_type=\"widget\" data-e-type=\"widget\" data-widget_type=\"text-editor.default\">\n\t\t\t\t\t\t\t\t\t<div class=\"catItemHeader\"><img fetchpriority=\"high\" decoding=\"async\" class=\"size-medium wp-image-504 alignright\" src=\"https:\/\/www.mars-society-switzerland.com\/wp-content\/uploads\/2025\/01\/Eberswalde_delta_plain25-266x300.jpg\" alt=\"\" width=\"266\" height=\"300\" srcset=\"https:\/\/www.mars-society-switzerland.com\/wp-content\/uploads\/2025\/01\/Eberswalde_delta_plain25-266x300.jpg 266w, https:\/\/www.mars-society-switzerland.com\/wp-content\/uploads\/2025\/01\/Eberswalde_delta_plain25-907x1024.jpg 907w, https:\/\/www.mars-society-switzerland.com\/wp-content\/uploads\/2025\/01\/Eberswalde_delta_plain25-768x867.jpg 768w, https:\/\/www.mars-society-switzerland.com\/wp-content\/uploads\/2025\/01\/Eberswalde_delta_plain25.jpg 1102w\" sizes=\"(max-width: 266px) 100vw, 266px\" \/><\/div><div class=\"catItemBody\"><div class=\"catItemImageBlock\"><div class=\"clr\"><strong>Elle apportera aussi la vie aux nouveaux Martiens.<\/strong><\/div><\/div><div class=\"catItemIntroText\"><p>Quand on \u00e9voque le sujet de l\u2019eau sur Mars, il faut bien distinguer entre l\u2019eau dans le pass\u00e9 et l\u2019eau dans le pr\u00e9sent. Dans le pass\u00e9, on l\u2019associe \u00e0 la vie qui a pu trouver comme sur Terre un environnement favorable\u00a0; dans le pr\u00e9sent, on l\u2019associe aux besoins que les hommes qui se rendront sur la plan\u00e8te devront satisfaire.<\/p><p>Dans le pass\u00e9, il est aujourd\u2019hui incontestable que de l\u2019eau liquide a coul\u00e9 sur Mars, en abondance. Comme sur la Terre, elle manquait tr\u00e8s probablement \u00e0 l\u2019origine puisse que la plan\u00e8te s\u2019est form\u00e9e en dessous de la \u00ab\u00a0limite de glace\u00a0\u00bb jusqu\u2019\u00e0 laquelle le jeune et violent soleil avait repouss\u00e9 tous les \u00e9l\u00e9ments volatiles de son disque protoplan\u00e9taire. Mais le syst\u00e8me en formation \u00e9tait par d\u00e9finition instable et le \u00ab\u00a0Grand-Tack\u00a0\u00bb de Jupiter et de Saturne (descente vers le Soleil de Jupiter puis rebroussement vers l\u2019ext\u00e9rieur, de concert avec Saturne) fut tr\u00e8s probablement apporteur de quantit\u00e9 consid\u00e9rable d\u2019eau de la partie ext\u00e9rieure de la Ceinture d\u2019ast\u00e9ro\u00efdes (celle qui est situ\u00e9e au-del\u00e0 de la limite de glace) et aussi de la Ceinture de Kuiper (au-del\u00e0 de Neptune) car Saturne retournant \u00e0 sa place (en fait un peu plus loin), rejeta Neptune au-del\u00e0 d\u2019Uranus, dans cette Ceinture constitu\u00e9e d\u2019objets riches en glace d\u2019eau (et peut-\u00eatre beaucoup plus loin, la \u00ab\u00a0Plan\u00e8te 9\u00a0\u00bb qui aurait pu se trouver l\u00e0 o\u00f9 Saturne se trouve aujourd\u2019hui elle-m\u00eame\u2026mais c\u2019est une autre histoire\u00a0!).<\/p><p><img decoding=\"async\" class=\"size-medium wp-image-508 alignleft\" src=\"https:\/\/www.mars-society-switzerland.com\/wp-content\/uploads\/2025\/01\/Entree-de-Mawrth-Vallis-300x167.png\" alt=\"\" width=\"300\" height=\"167\" srcset=\"https:\/\/www.mars-society-switzerland.com\/wp-content\/uploads\/2025\/01\/Entree-de-Mawrth-Vallis-300x167.png 300w, https:\/\/www.mars-society-switzerland.com\/wp-content\/uploads\/2025\/01\/Entree-de-Mawrth-Vallis-1024x569.png 1024w, https:\/\/www.mars-society-switzerland.com\/wp-content\/uploads\/2025\/01\/Entree-de-Mawrth-Vallis-768x427.png 768w, https:\/\/www.mars-society-switzerland.com\/wp-content\/uploads\/2025\/01\/Entree-de-Mawrth-Vallis.png 1128w\" sizes=\"(max-width: 300px) 100vw, 300px\" \/>Toujours est-il que de l\u2019eau liquide remplit probablement les Basses-terres-du-Nord et de grandes d\u00e9pressions dans les Hautes-terres-du-Sud (Bassins d\u2019Hellas et d\u2019Argyre, Mer d\u2019Eridania, de nombreux crat\u00e8res). Un cycle de l\u2019eau exista, avec \u00e9vaporation sous une atmosph\u00e8re primitive \u00e9paisse et g\u00e9n\u00e9rant un effet de serre puissant par sa tr\u00e8s forte teneur en gaz carbonique. Il plut et il neigea, des fleuves coul\u00e8rent dans la zone intertropicale vers les points les plus bas\u00a0; le sol gorg\u00e9 d\u2019eau lib\u00e9ra des flux cataclysmiques \u00e0 l\u2019occasion de la constitution des socles volcaniques surtout celui de Tharsis qui par sa masse d\u00e9clencha des failles gigantesques (Valles Marineris). Pendant quelques centaines de millions d\u2019ann\u00e9es, dans un environnement de sol chaud du fait de l\u2019accr\u00e9tion r\u00e9cente de la plan\u00e8te, l\u2019eau impr\u00e9gna les roches et les transform\u00e8rent. C\u2019est \u00e0 cette \u00e9poque que la vie a pu commencer sur Mars mais rien n\u2019est s\u00fbr. On peut dire que les \u00ab\u00a0ingr\u00e9dients\u00a0\u00bb \u00e9taient l\u00e0 mais des diff\u00e9rences subtiles d\u2019environnement peuvent avoir \u00ab\u00a0fait la diff\u00e9rence\u00a0\u00bb. Peut-\u00eatre aussi que le temps n\u2019a pas \u00ab\u00a0laiss\u00e9 suffisamment de temps au temps\u00a0\u00bb. En effet d\u00e9j\u00e0 vers -4 milliards, l\u2019atmosph\u00e8re non retenue par une gravit\u00e9 trop faible et non prot\u00e9g\u00e9e par une magn\u00e9tosph\u00e8re suffisamment puissante, avait diminu\u00e9 consid\u00e9rablement (pression semblable \u00e0 celle d\u2019aujourd\u2019hui). Mais la plan\u00e8te \u00e9tait jeune, la cro\u00fbte peu \u00e9paisse et les \u00e9missions volcaniques de gaz et de poussi\u00e8re, importantes et fr\u00e9quentes. Le second \u00e9on martien, l\u2019Hesp\u00e9rien, nomm\u00e9 Theiikien, l\u2019\u00e2ge du soufre, par l\u2019astrophysicien Jean-Pierre Bibring, prolongea les conditions favorables \u00e0 l\u2019eau liquide en surface jusque vers -3,5 milliards. Ensuite les \u00e9pisodes volcaniques se firent de plus en plus rares m\u00eame s\u2019ils \u00e9taient violents (\u00e9paisseur de la cro\u00fbte plan\u00e9taire). Pour r\u00e9sumer la plan\u00e8te devint un d\u00e9sert aride \u00e0 cette \u00e9poque et ne retrouva des conditions \u00ab\u00a0habitables\u00a0\u00bb que par intermittence avec des phases actives de plus en plus espac\u00e9es et de plus en plus courtes. La question lancinante que l\u2019on se pose depuis que l\u2019exploration de Mars a commenc\u00e9 est donc de savoir si la vie a pu commencer avant cette g\u00e9n\u00e9ralisation de l\u2019aridit\u00e9 (la vie a commenc\u00e9 sur Terre entre -4 et -3,7 milliards d\u2019ann\u00e9s).<\/p><p>Si elle a commenc\u00e9, elle a pu continuer sous une forme tr\u00e8s primitive, dans le sous-sol o\u00f9 l\u2019eau \u00e9tait forc\u00e9ment pr\u00e9sente puisqu\u2019on trouve aujourd\u2019hui en abondance de la glace d\u2019eau, sous tr\u00e8s peu de r\u00e9golithe en de nombreux endroits de la zone intertropicale.<\/p><p>Dans ce contexte on passe dans le pr\u00e9sent et la possibilit\u00e9 qu\u2019offre la plan\u00e8te du fait de cette glace d\u2019eau, de subvenir aux besoins d\u2019une population humaine. On pourra construire des bases \u00e0 proximit\u00e9 de d\u00e9p\u00f4ts d\u2019eau. L\u2019eau martienne est un peu \u00ab\u00a0lourde\u00a0\u00bb (pourcentage de deut\u00e9rium \u00e9lev\u00e9, le double, par rapport \u00e0 l\u2019hydrog\u00e8ne) car les \u00e9l\u00e9ments les plus l\u00e9gers ont tendance \u00e0 se perdre par sublimation dans l\u2019atmosph\u00e8re et celle-ci dans l\u2019espace, mais elle restera consommable et utilisable pour toutes sortes de besoin (y compris produire du m\u00e9thane \u00e0 partir de son hydrog\u00e8ne, dans la r\u00e9action de Sabatier). Il ne faut quand m\u00eame pas imaginer que l\u2019homme puisse \u00eatre sur Mars aussi insouciant du point de vue de sa consommation, qu\u2019il l\u2019a \u00e9t\u00e9 sur Terre. Mars est une plan\u00e8te fragile dont les ressources sont limit\u00e9es, plus que la Terre. Plus rapidement que sur Terre on ne pourra pas y faire \u00ab\u00a0n\u2019importe quoi\u00a0\u00bb. On ne pourra laisser la d\u00e9mographie exploser et il faudra, d\u00e8s le d\u00e9but de la pr\u00e9sence humaine, recycler tout au maximum. On aura l\u2019habitude car durant les premi\u00e8res missions o\u00f9 les \u00e9quipements et les produits chimiques seront forc\u00e9ment tr\u00e8s rares (il faudra importer presque tout produit transform\u00e9 depuis la Terre et commencer \u00e0 produire sur place, avec beaucoup de difficult\u00e9s), les hommes se seront appliqu\u00e9s \u00e0 ne rien g\u00e2cher. De ce point de vue Mars sera un laboratoire \u00e9cologique et les Martiens un exemple pour les Terriens.<\/p><p><img decoding=\"async\" class=\"size-medium wp-image-507 alignleft\" src=\"https:\/\/www.mars-society-switzerland.com\/wp-content\/uploads\/2025\/01\/Lake-Crater-Gale-300x169.png\" alt=\"\" width=\"300\" height=\"169\" srcset=\"https:\/\/www.mars-society-switzerland.com\/wp-content\/uploads\/2025\/01\/Lake-Crater-Gale-300x169.png 300w, https:\/\/www.mars-society-switzerland.com\/wp-content\/uploads\/2025\/01\/Lake-Crater-Gale-1024x576.png 1024w, https:\/\/www.mars-society-switzerland.com\/wp-content\/uploads\/2025\/01\/Lake-Crater-Gale-768x432.png 768w, https:\/\/www.mars-society-switzerland.com\/wp-content\/uploads\/2025\/01\/Lake-Crater-Gale.png 1280w\" sizes=\"(max-width: 300px) 100vw, 300px\" \/>Une utilisation originale de l\u2019eau pourrait \u00eatre appliqu\u00e9e dans la construction. On pourra faire facilement du \u00ab duricrete \u00bb (ciment tr\u00e8s dur) simplement en mouillant le r\u00e9golithe mais surtout on peut concevoir que les d\u00f4mes habitables soient rev\u00eatus de blocs de glace dans des enveloppes en plastique (pour \u00e9viter la sublimation lorsque la temp\u00e9rature monte. Cette enveloppe mont\u00e9e sur des sph\u00e8res g\u00e9od\u00e9siques en m\u00e9tal (martien) aurait pour avantage d\u2019exercer une certaine contre-pression al\u00e9geant les efforts sur la structure et de bloquer les radiations solaires, riches en protons comme l\u2019eau avec son hydrog\u00e8ne.<\/p><p>Vous voyez qu\u2019on peut faire beaucoup de choses avec l\u2019eau et par la force de la n\u00e9cessit\u00e9 et de la raret\u00e9, que la cr\u00e9ativit\u00e9 sera sans cesse stimul\u00e9e sur Mars.<\/p><\/div><\/div>\t\t\t\t\t\t\t\t<\/div>\n\t\t\t\t\t<\/div>\n\t\t\t\t<\/div>\n\t\t\t\t<\/div>\n\t\t","protected":false},"excerpt":{"rendered":"<p>L\u2019eau a peut-\u00eatre permis l\u2019\u00e9closion de la vie sur Mars\u00a0 Elle apportera aussi la vie aux nouveaux Martiens. Quand on \u00e9voque le sujet de l\u2019eau sur Mars, il faut bien [&hellip;]<\/p>\n","protected":false},"author":1,"featured_media":0,"parent":37,"menu_order":0,"comment_status":"closed","ping_status":"closed","template":"","meta":{"footnotes":""},"class_list":["post-170","page","type-page","status-publish","hentry"],"yoast_head":"<!-- This site is optimized with the Yoast SEO plugin v24.5 - https:\/\/yoast.com\/wordpress\/plugins\/seo\/ -->\n<title>L&#039;eau &#183; Mars Society Switzerland<\/title>\n<meta name=\"robots\" content=\"index, follow, max-snippet:-1, max-image-preview:large, max-video-preview:-1\" \/>\n<link rel=\"canonical\" href=\"https:\/\/www.mars-society-switzerland.com\/fr\/informations\/leau\/\" \/>\n<meta property=\"og:locale\" content=\"fr_FR\" \/>\n<meta property=\"og:type\" content=\"article\" \/>\n<meta property=\"og:title\" content=\"L&#039;eau &#183; Mars Society Switzerland\" \/>\n<meta property=\"og:description\" content=\"L\u2019eau a peut-\u00eatre permis l\u2019\u00e9closion de la vie sur Mars\u00a0 Elle apportera aussi la vie aux nouveaux Martiens. Quand on \u00e9voque le sujet de l\u2019eau sur Mars, il faut bien [&hellip;]\" \/>\n<meta property=\"og:url\" content=\"https:\/\/www.mars-society-switzerland.com\/fr\/informations\/leau\/\" \/>\n<meta property=\"og:site_name\" content=\"Mars Society Switzerland\" \/>\n<meta property=\"article:modified_time\" content=\"2025-01-29T14:46:51+00:00\" \/>\n<meta property=\"og:image\" content=\"https:\/\/www.mars-society-switzerland.com\/wp-content\/uploads\/2025\/01\/Eberswalde_delta_plain25-266x300.jpg\" \/>\n<meta name=\"twitter:card\" content=\"summary_large_image\" \/>\n<script type=\"application\/ld+json\" class=\"yoast-schema-graph\">{\"@context\":\"https:\/\/schema.org\",\"@graph\":[{\"@type\":\"WebPage\",\"@id\":\"https:\/\/www.mars-society-switzerland.com\/fr\/informations\/leau\/\",\"url\":\"https:\/\/www.mars-society-switzerland.com\/fr\/informations\/leau\/\",\"name\":\"L'eau &#183; Mars Society Switzerland\",\"isPartOf\":{\"@id\":\"https:\/\/www.mars-society-switzerland.com\/fr\/#website\"},\"primaryImageOfPage\":{\"@id\":\"https:\/\/www.mars-society-switzerland.com\/fr\/informations\/leau\/#primaryimage\"},\"image\":{\"@id\":\"https:\/\/www.mars-society-switzerland.com\/fr\/informations\/leau\/#primaryimage\"},\"thumbnailUrl\":\"https:\/\/www.mars-society-switzerland.com\/wp-content\/uploads\/2025\/01\/Eberswalde_delta_plain25-266x300.jpg\",\"datePublished\":\"2025-01-10T15:26:11+00:00\",\"dateModified\":\"2025-01-29T14:46:51+00:00\",\"breadcrumb\":{\"@id\":\"https:\/\/www.mars-society-switzerland.com\/fr\/informations\/leau\/#breadcrumb\"},\"inLanguage\":\"fr-FR\",\"potentialAction\":[{\"@type\":\"ReadAction\",\"target\":[\"https:\/\/www.mars-society-switzerland.com\/fr\/informations\/leau\/\"]}]},{\"@type\":\"ImageObject\",\"inLanguage\":\"fr-FR\",\"@id\":\"https:\/\/www.mars-society-switzerland.com\/fr\/informations\/leau\/#primaryimage\",\"url\":\"https:\/\/www.mars-society-switzerland.com\/wp-content\/uploads\/2025\/01\/Eberswalde_delta_plain25-266x300.jpg\",\"contentUrl\":\"https:\/\/www.mars-society-switzerland.com\/wp-content\/uploads\/2025\/01\/Eberswalde_delta_plain25-266x300.jpg\"},{\"@type\":\"BreadcrumbList\",\"@id\":\"https:\/\/www.mars-society-switzerland.com\/fr\/informations\/leau\/#breadcrumb\",\"itemListElement\":[{\"@type\":\"ListItem\",\"position\":1,\"name\":\"Accueil\",\"item\":\"https:\/\/www.mars-society-switzerland.com\/fr\/\"},{\"@type\":\"ListItem\",\"position\":2,\"name\":\"Informations\",\"item\":\"https:\/\/www.mars-society-switzerland.com\/fr\/informations\/\"},{\"@type\":\"ListItem\",\"position\":3,\"name\":\"L&rsquo;eau\"}]},{\"@type\":\"WebSite\",\"@id\":\"https:\/\/www.mars-society-switzerland.com\/fr\/#website\",\"url\":\"https:\/\/www.mars-society-switzerland.com\/fr\/\",\"name\":\"Mars Society Switzerland\",\"description\":\"Aller sur Mars pour mieux comprendre a Terre\",\"publisher\":{\"@id\":\"https:\/\/www.mars-society-switzerland.com\/fr\/#organization\"},\"potentialAction\":[{\"@type\":\"SearchAction\",\"target\":{\"@type\":\"EntryPoint\",\"urlTemplate\":\"https:\/\/www.mars-society-switzerland.com\/fr\/?s={search_term_string}\"},\"query-input\":{\"@type\":\"PropertyValueSpecification\",\"valueRequired\":true,\"valueName\":\"search_term_string\"}}],\"inLanguage\":\"fr-FR\"},{\"@type\":\"Organization\",\"@id\":\"https:\/\/www.mars-society-switzerland.com\/fr\/#organization\",\"name\":\"Mars Society Switzerland\",\"url\":\"https:\/\/www.mars-society-switzerland.com\/fr\/\",\"logo\":{\"@type\":\"ImageObject\",\"inLanguage\":\"fr-FR\",\"@id\":\"https:\/\/www.mars-society-switzerland.com\/fr\/#\/schema\/logo\/image\/\",\"url\":\"https:\/\/www.mars-society-switzerland.com\/wp-content\/uploads\/2025\/01\/LOGO.svg\",\"contentUrl\":\"https:\/\/www.mars-society-switzerland.com\/wp-content\/uploads\/2025\/01\/LOGO.svg\",\"caption\":\"Mars Society Switzerland\"},\"image\":{\"@id\":\"https:\/\/www.mars-society-switzerland.com\/fr\/#\/schema\/logo\/image\/\"}}]}<\/script>\n<!-- \/ Yoast SEO plugin. -->","yoast_head_json":{"title":"L'eau &#183; Mars Society Switzerland","robots":{"index":"index","follow":"follow","max-snippet":"max-snippet:-1","max-image-preview":"max-image-preview:large","max-video-preview":"max-video-preview:-1"},"canonical":"https:\/\/www.mars-society-switzerland.com\/fr\/informations\/leau\/","og_locale":"fr_FR","og_type":"article","og_title":"L'eau &#183; Mars Society Switzerland","og_description":"L\u2019eau a peut-\u00eatre permis l\u2019\u00e9closion de la vie sur Mars\u00a0 Elle apportera aussi la vie aux nouveaux Martiens. Quand on \u00e9voque le sujet de l\u2019eau sur Mars, il faut bien [&hellip;]","og_url":"https:\/\/www.mars-society-switzerland.com\/fr\/informations\/leau\/","og_site_name":"Mars Society Switzerland","article_modified_time":"2025-01-29T14:46:51+00:00","og_image":[{"url":"https:\/\/www.mars-society-switzerland.com\/wp-content\/uploads\/2025\/01\/Eberswalde_delta_plain25-266x300.jpg","type":"","width":"","height":""}],"twitter_card":"summary_large_image","schema":{"@context":"https:\/\/schema.org","@graph":[{"@type":"WebPage","@id":"https:\/\/www.mars-society-switzerland.com\/fr\/informations\/leau\/","url":"https:\/\/www.mars-society-switzerland.com\/fr\/informations\/leau\/","name":"L'eau &#183; Mars Society Switzerland","isPartOf":{"@id":"https:\/\/www.mars-society-switzerland.com\/fr\/#website"},"primaryImageOfPage":{"@id":"https:\/\/www.mars-society-switzerland.com\/fr\/informations\/leau\/#primaryimage"},"image":{"@id":"https:\/\/www.mars-society-switzerland.com\/fr\/informations\/leau\/#primaryimage"},"thumbnailUrl":"https:\/\/www.mars-society-switzerland.com\/wp-content\/uploads\/2025\/01\/Eberswalde_delta_plain25-266x300.jpg","datePublished":"2025-01-10T15:26:11+00:00","dateModified":"2025-01-29T14:46:51+00:00","breadcrumb":{"@id":"https:\/\/www.mars-society-switzerland.com\/fr\/informations\/leau\/#breadcrumb"},"inLanguage":"fr-FR","potentialAction":[{"@type":"ReadAction","target":["https:\/\/www.mars-society-switzerland.com\/fr\/informations\/leau\/"]}]},{"@type":"ImageObject","inLanguage":"fr-FR","@id":"https:\/\/www.mars-society-switzerland.com\/fr\/informations\/leau\/#primaryimage","url":"https:\/\/www.mars-society-switzerland.com\/wp-content\/uploads\/2025\/01\/Eberswalde_delta_plain25-266x300.jpg","contentUrl":"https:\/\/www.mars-society-switzerland.com\/wp-content\/uploads\/2025\/01\/Eberswalde_delta_plain25-266x300.jpg"},{"@type":"BreadcrumbList","@id":"https:\/\/www.mars-society-switzerland.com\/fr\/informations\/leau\/#breadcrumb","itemListElement":[{"@type":"ListItem","position":1,"name":"Accueil","item":"https:\/\/www.mars-society-switzerland.com\/fr\/"},{"@type":"ListItem","position":2,"name":"Informations","item":"https:\/\/www.mars-society-switzerland.com\/fr\/informations\/"},{"@type":"ListItem","position":3,"name":"L&rsquo;eau"}]},{"@type":"WebSite","@id":"https:\/\/www.mars-society-switzerland.com\/fr\/#website","url":"https:\/\/www.mars-society-switzerland.com\/fr\/","name":"Mars Society Switzerland","description":"Aller sur Mars pour mieux comprendre a Terre","publisher":{"@id":"https:\/\/www.mars-society-switzerland.com\/fr\/#organization"},"potentialAction":[{"@type":"SearchAction","target":{"@type":"EntryPoint","urlTemplate":"https:\/\/www.mars-society-switzerland.com\/fr\/?s={search_term_string}"},"query-input":{"@type":"PropertyValueSpecification","valueRequired":true,"valueName":"search_term_string"}}],"inLanguage":"fr-FR"},{"@type":"Organization","@id":"https:\/\/www.mars-society-switzerland.com\/fr\/#organization","name":"Mars Society Switzerland","url":"https:\/\/www.mars-society-switzerland.com\/fr\/","logo":{"@type":"ImageObject","inLanguage":"fr-FR","@id":"https:\/\/www.mars-society-switzerland.com\/fr\/#\/schema\/logo\/image\/","url":"https:\/\/www.mars-society-switzerland.com\/wp-content\/uploads\/2025\/01\/LOGO.svg","contentUrl":"https:\/\/www.mars-society-switzerland.com\/wp-content\/uploads\/2025\/01\/LOGO.svg","caption":"Mars Society Switzerland"},"image":{"@id":"https:\/\/www.mars-society-switzerland.com\/fr\/#\/schema\/logo\/image\/"}}]}},"_links":{"self":[{"href":"https:\/\/www.mars-society-switzerland.com\/fr\/wp-json\/wp\/v2\/pages\/170","targetHints":{"allow":["GET"]}}],"collection":[{"href":"https:\/\/www.mars-society-switzerland.com\/fr\/wp-json\/wp\/v2\/pages"}],"about":[{"href":"https:\/\/www.mars-society-switzerland.com\/fr\/wp-json\/wp\/v2\/types\/page"}],"author":[{"embeddable":true,"href":"https:\/\/www.mars-society-switzerland.com\/fr\/wp-json\/wp\/v2\/users\/1"}],"replies":[{"embeddable":true,"href":"https:\/\/www.mars-society-switzerland.com\/fr\/wp-json\/wp\/v2\/comments?post=170"}],"version-history":[{"count":13,"href":"https:\/\/www.mars-society-switzerland.com\/fr\/wp-json\/wp\/v2\/pages\/170\/revisions"}],"predecessor-version":[{"id":511,"href":"https:\/\/www.mars-society-switzerland.com\/fr\/wp-json\/wp\/v2\/pages\/170\/revisions\/511"}],"up":[{"embeddable":true,"href":"https:\/\/www.mars-society-switzerland.com\/fr\/wp-json\/wp\/v2\/pages\/37"}],"wp:attachment":[{"href":"https:\/\/www.mars-society-switzerland.com\/fr\/wp-json\/wp\/v2\/media?parent=170"}],"curies":[{"name":"wp","href":"https:\/\/api.w.org\/{rel}","templated":true}]}}